{"id":14,"date":"2020-03-07T11:01:36","date_gmt":"2020-03-07T11:01:36","guid":{"rendered":"http:\/\/wp.praxis-ich-bin-ich.de\/?page_id=14"},"modified":"2026-04-18T08:50:53","modified_gmt":"2026-04-18T08:50:53","slug":"kontakt-und-kosten","status":"publish","type":"page","link":"http:\/\/wp.praxis-ich-bin-ich.de\/?page_id=14","title":{"rendered":"Kontakt und Kosten"},"content":{"rendered":"\n<p><strong>Meine Praxis ist auf Grund von Fortbildung und Urlaub bis zum 20. Mai 2026 geschlossen. <br>In dieser Zeit beantworte ich emails in unregelm\u00e4\u00dfigen Abst\u00e4nden. <br><\/strong><br><strong>Praxis Ich bin ich! <\/strong><\/p>\n\n\n\n<p>Monika Feldmann<br>Heidering 15<br>59872 Meschede<br><br>Tel.: 0291 \/ 2025635<br>mobil: 0151 \/ 25723936<br><br>email: praxis-ich-bin-ich(at)gmx.de<br>Hinweis: Bitte ersetzen Sie das (at) durch @<br><br>Steuernummer: 334 \/ 5022 \/ 1803<br><\/p>\n\n\n\n<p><strong>Ich nehme mir Zeit f\u00fcr Sie und Ihr Anliegen<\/strong>. <br>In einem ca 1,5 Stunden dauernden Erst-Gespr\u00e4ch kl\u00e4ren wir Ihre Herausforderungen und Ziele. Sie bekommen erste hilfreiche \u00dcbungen f\u00fcr stressige Situationen an die Hand.<\/p>\n\n\n\n<p>Hausbesuche sind m\u00f6glich.<\/p>\n\n\n\n<h1 class=\"wp-block-heading\" id=\"cc-m-header-8515001620\">Hier finden Sie mich<\/h1>\n\n\n\n<figure><iframe loading=\"lazy\" src=\"https:\/\/www.google.com\/maps\/embed\/v1\/place?key=AIzaSyASzqnCrYBWXhFtdlXXBg_KCLxQTa1I5Y4&amp;q=Meschede%2C+Heidering+15&amp;maptype=roadmap\" allowfullscreen=\"true\" width=\"100%\" height=\"400\"><\/iframe><\/figure>\n\n\n\n<figure class=\"wp-block-image\"><img decoding=\"async\" src=\"https:\/\/image.jimcdn.com\/app\/cms\/image\/transf\/dimension=535x1024:format=jpg\/path\/s25c8a2dfe2723fc5\/image\/ic8a9223a2b221269\/version\/1544097290\/image.jpg\" alt=\"\"\/><\/figure>\n\n\n\n<p><strong>Anfahrt mit dem Auto:<\/strong> <br>Dieses Foto zeigt die Ansicht auf meinen Praxiseingang. Bitte nutzen   Sie zum Parken einen Parkplatz unter dem Carport oder den befestigten Schotterstreifen zwischen dem Carport  und der Hecke.  <\/p>\n\n\n\n<p><strong>Anfahrt mit \u00f6ffentlichen Verkehrsmitteln: <\/strong><br><br>Von Meschede Busbahnhof k\u00f6nnen Sie den B\u00fcrgerbus B12 nehmen. Er h\u00e4lt direkt am Haus. Die Haltestelle hei\u00dft Heidering. <br>Von Meschede Busbahnhof k\u00f6nnen Sie den Bus R71 nutzen. Bitte steigen Sie an der Haltestelle H\u00fcckeler H\u00f6he aus. Sie befinden sich am &#8222;Combi-Markt Verbrauchermarkt Meschede&#8220; (siehe Skizze oben). Gehen Sie vom Kreisverkehr aus ca. 150 m lang auf der Breslauer Str. Dann biegen Sie rechts in den Heidering ein. Dann gehen Sie ca. 100 m geradeaus und dann nach links ca. 100 m.<\/p>\n\n\n\n<p>     <strong>Honorar:<\/strong> <\/p>\n\n\n\n<figure class=\"wp-block-table\"><table><tbody><tr><td>Erstgespr\u00e4ch ca. 90 &#8211; 120 Minuten<br><\/td><td>kostenlos<\/td><\/tr><tr><td> Therapiesitzung ca. 60 \u2013 120 Minuten<br><\/td><td>60 Euro f\u00fcr 60 Minuten, es wird <br>minutengenau abgerechnet<\/td><\/tr><tr><td> Hausbesuche<\/td><td>60 Euro f\u00fcr 60 Minuten<br>pro Kilometer 40 Cent<br>Grundlage ist google maps<\/td><\/tr><\/tbody><\/table><\/figure>\n\n\n\n<p><\/p>\n\n\n\n<p>Das Honorar wird minutengenau abgerechnet, z.B. 80 Minuten Therapiesitzung kosten 80 Euro. <br>Sie k\u00f6nnen am Ende des Gespr\u00e4chs in bar oder mit ec-Karte bezahlen. Bei Telefon- oder Video-Sprechstunden versende ich eine Rechnung.<\/p>\n\n\n\n<p>Bitte sprechen Sie mich an, wenn es aufgrund Ihrer finanziellen Situation zur Zeit schwierig sein sollte, die Therapie zu bezahlen.<\/p>\n\n\n\n<p><br>F\u00fcr Coachings erhalten Sie eine Rechnung, die Sie bei der Steuererkl\u00e4rung einreichen k\u00f6nnen.<br><\/p>\n\n\n\n<p>Erstattung der Kosten durch die Krankenkasse:<\/p>\n\n\n\n<p>Wenn Ihre private Krankenversicherung die Kosten f\u00fcr  Heilpraktikerleistungen \u00fcbernimmt oder Sie bei einer gesetzlichen  Krankenkasse eine Zusatzversicherung abgeschlossen haben, besteht die M\u00f6glichkeit, dass Ihnen die Honorarkosten r\u00fcckerstattet werden. Am  besten fragen Sie nach, ob Leistungen f\u00fcr Psychotherapie nach dem  Heilpraktikergesetz    ( Ziffer 19) im Vertrag eingeschlossen sind. <\/p>\n\n\n\n<p>Sollten Sie bei mehreren niedergelassenen Psychotherapeuten auf einer langen Warteliste stehen, k\u00f6nnen Sie mit Ihrer Krankenkasse \u00fcber eine Kostenerstattung sprechen. Die Krankenkassen entscheiden im Einzelfall.<\/p>\n\n\n\n<p>Bitte haben Sie Verst\u00e4ndnis daf\u00fcr, dass ich w\u00e4hrend Therapiesitzungen und am Wochenende nicht erreichbar bin und der  Anrufbeantworter eingeschaltet ist. Bitte hinterlassen Sie ihren Namen und ihre Telefonnummer, dann rufe ich Sie zeitnah zur\u00fcck. <\/p>\n\n\n\n<p><\/p>\n","protected":false},"excerpt":{"rendered":"<p>Meine Praxis ist auf Grund von Fortbildung und Urlaub bis zum 20. Mai 2026 geschlossen. In dieser Zeit beantworte ich emails in unregelm\u00e4\u00dfigen Abst\u00e4nden. Praxis Ich bin ich! Monika FeldmannHeidering 1559872 Meschede Tel.: 0291 \/ 2025635mobil: 0151 \/ 25723936 email: praxis-ich-bin-ich(at)gmx.deHinweis: Bitte ersetzen Sie das (at) durch @ Steuernummer: 334 \/ 5022 \/ 1803 Ich &hellip; <\/p>\n<p class=\"link-more\"><a href=\"http:\/\/wp.praxis-ich-bin-ich.de\/?page_id=14\" class=\"more-link\"><span class=\"screen-reader-text\">\u201eKontakt und Kosten\u201c <\/span>weiterlesen<\/a><\/p>\n","protected":false},"author":1,"featured_media":0,"parent":0,"menu_order":0,"comment_status":"closed","ping_status":"closed","template":"","meta":{"footnotes":""},"class_list":["post-14","page","type-page","status-publish","hentry"],"yoast_head":"<!-- This site is optimized with the Yoast SEO plugin v27.5 - https:\/\/yoast.com\/product\/yoast-seo-wordpress\/ -->\n<title>Kontakt und Kosten - Praxis Ich bin ich!<\/title>\n<meta name=\"robots\" content=\"index, follow, max-snippet:-1, max-image-preview:large, max-video-preview:-1\" \/>\n<link rel=\"canonical\" href=\"http:\/\/wp.praxis-ich-bin-ich.de\/?page_id=14\" \/>\n<meta property=\"og:locale\" content=\"de_DE\" \/>\n<meta property=\"og:type\" content=\"article\" \/>\n<meta property=\"og:title\" content=\"Kontakt und Kosten - Praxis Ich bin ich!\" \/>\n<meta property=\"og:description\" content=\"Meine Praxis ist auf Grund von Fortbildung und Urlaub bis zum 20. Mai 2026 geschlossen. In dieser Zeit beantworte ich emails in unregelm\u00e4\u00dfigen Abst\u00e4nden. Praxis Ich bin ich! Monika FeldmannHeidering 1559872 Meschede Tel.: 0291 \/ 2025635mobil: 0151 \/ 25723936 email: praxis-ich-bin-ich(at)gmx.deHinweis: Bitte ersetzen Sie das (at) durch @ Steuernummer: 334 \/ 5022 \/ 1803 Ich &hellip; \u201eKontakt und Kosten\u201c weiterlesen\" \/>\n<meta property=\"og:url\" content=\"http:\/\/wp.praxis-ich-bin-ich.de\/?page_id=14\" \/>\n<meta property=\"og:site_name\" content=\"Praxis Ich bin ich!\" \/>\n<meta property=\"article:publisher\" content=\"https:\/\/www.facebook.com\/Praxis-Ich-bin-ich-1820041108301520\/?ref=page_internal\" \/>\n<meta property=\"article:modified_time\" content=\"2026-04-18T08:50:53+00:00\" \/>\n<meta property=\"og:image\" content=\"https:\/\/image.jimcdn.com\/app\/cms\/image\/transf\/dimension=535x1024:format=jpg\/path\/s25c8a2dfe2723fc5\/image\/ic8a9223a2b221269\/version\/1544097290\/image.jpg\" \/>\n<meta name=\"twitter:card\" content=\"summary_large_image\" \/>\n<meta name=\"twitter:label1\" content=\"Gesch\u00e4tzte Lesezeit\" \/>\n\t<meta name=\"twitter:data1\" content=\"3\u00a0Minuten\" \/>\n<script type=\"application\/ld+json\" class=\"yoast-schema-graph\">{\"@context\":\"https:\\\/\\\/schema.org\",\"@graph\":[{\"@type\":\"WebPage\",\"@id\":\"http:\\\/\\\/wp.praxis-ich-bin-ich.de\\\/?page_id=14\",\"url\":\"http:\\\/\\\/wp.praxis-ich-bin-ich.de\\\/?page_id=14\",\"name\":\"Kontakt und Kosten - Praxis Ich bin ich!\",\"isPartOf\":{\"@id\":\"http:\\\/\\\/wp.praxis-ich-bin-ich.de\\\/#website\"},\"primaryImageOfPage\":{\"@id\":\"http:\\\/\\\/wp.praxis-ich-bin-ich.de\\\/?page_id=14#primaryimage\"},\"image\":{\"@id\":\"http:\\\/\\\/wp.praxis-ich-bin-ich.de\\\/?page_id=14#primaryimage\"},\"thumbnailUrl\":\"https:\\\/\\\/image.jimcdn.com\\\/app\\\/cms\\\/image\\\/transf\\\/dimension=535x1024:format=jpg\\\/path\\\/s25c8a2dfe2723fc5\\\/image\\\/ic8a9223a2b221269\\\/version\\\/1544097290\\\/image.jpg\",\"datePublished\":\"2020-03-07T11:01:36+00:00\",\"dateModified\":\"2026-04-18T08:50:53+00:00\",\"breadcrumb\":{\"@id\":\"http:\\\/\\\/wp.praxis-ich-bin-ich.de\\\/?page_id=14#breadcrumb\"},\"inLanguage\":\"de\",\"potentialAction\":[{\"@type\":\"ReadAction\",\"target\":[\"http:\\\/\\\/wp.praxis-ich-bin-ich.de\\\/?page_id=14\"]}]},{\"@type\":\"ImageObject\",\"inLanguage\":\"de\",\"@id\":\"http:\\\/\\\/wp.praxis-ich-bin-ich.de\\\/?page_id=14#primaryimage\",\"url\":\"https:\\\/\\\/image.jimcdn.com\\\/app\\\/cms\\\/image\\\/transf\\\/dimension=535x1024:format=jpg\\\/path\\\/s25c8a2dfe2723fc5\\\/image\\\/ic8a9223a2b221269\\\/version\\\/1544097290\\\/image.jpg\",\"contentUrl\":\"https:\\\/\\\/image.jimcdn.com\\\/app\\\/cms\\\/image\\\/transf\\\/dimension=535x1024:format=jpg\\\/path\\\/s25c8a2dfe2723fc5\\\/image\\\/ic8a9223a2b221269\\\/version\\\/1544097290\\\/image.jpg\"},{\"@type\":\"BreadcrumbList\",\"@id\":\"http:\\\/\\\/wp.praxis-ich-bin-ich.de\\\/?page_id=14#breadcrumb\",\"itemListElement\":[{\"@type\":\"ListItem\",\"position\":1,\"name\":\"Startseite\",\"item\":\"http:\\\/\\\/wp.praxis-ich-bin-ich.de\\\/\"},{\"@type\":\"ListItem\",\"position\":2,\"name\":\"Kontakt und Kosten\"}]},{\"@type\":\"WebSite\",\"@id\":\"http:\\\/\\\/wp.praxis-ich-bin-ich.de\\\/#website\",\"url\":\"http:\\\/\\\/wp.praxis-ich-bin-ich.de\\\/\",\"name\":\"Praxis Ich bin ich!\",\"description\":\"Coaching und Kurzzeittherapie\",\"publisher\":{\"@id\":\"http:\\\/\\\/wp.praxis-ich-bin-ich.de\\\/#organization\"},\"potentialAction\":[{\"@type\":\"SearchAction\",\"target\":{\"@type\":\"EntryPoint\",\"urlTemplate\":\"http:\\\/\\\/wp.praxis-ich-bin-ich.de\\\/?s={search_term_string}\"},\"query-input\":{\"@type\":\"PropertyValueSpecification\",\"valueRequired\":true,\"valueName\":\"search_term_string\"}}],\"inLanguage\":\"de\"},{\"@type\":\"Organization\",\"@id\":\"http:\\\/\\\/wp.praxis-ich-bin-ich.de\\\/#organization\",\"name\":\"Praxis Ich bin Ich!\",\"url\":\"http:\\\/\\\/wp.praxis-ich-bin-ich.de\\\/\",\"logo\":{\"@type\":\"ImageObject\",\"inLanguage\":\"de\",\"@id\":\"http:\\\/\\\/wp.praxis-ich-bin-ich.de\\\/#\\\/schema\\\/logo\\\/image\\\/\",\"url\":\"http:\\\/\\\/wp.praxis-ich-bin-ich.de\\\/wp-content\\\/uploads\\\/2020\\\/03\\\/krone1.png\",\"contentUrl\":\"http:\\\/\\\/wp.praxis-ich-bin-ich.de\\\/wp-content\\\/uploads\\\/2020\\\/03\\\/krone1.png\",\"width\":2000,\"height\":1207,\"caption\":\"Praxis Ich bin Ich!\"},\"image\":{\"@id\":\"http:\\\/\\\/wp.praxis-ich-bin-ich.de\\\/#\\\/schema\\\/logo\\\/image\\\/\"},\"sameAs\":[\"https:\\\/\\\/www.facebook.com\\\/Praxis-Ich-bin-ich-1820041108301520\\\/?ref=page_internal\"]}]}<\/script>\n<!-- \/ Yoast SEO plugin. -->","yoast_head_json":{"title":"Kontakt und Kosten - Praxis Ich bin ich!","robots":{"index":"index","follow":"follow","max-snippet":"max-snippet:-1","max-image-preview":"max-image-preview:large","max-video-preview":"max-video-preview:-1"},"canonical":"http:\/\/wp.praxis-ich-bin-ich.de\/?page_id=14","og_locale":"de_DE","og_type":"article","og_title":"Kontakt und Kosten - Praxis Ich bin ich!","og_description":"Meine Praxis ist auf Grund von Fortbildung und Urlaub bis zum 20. Mai 2026 geschlossen. In dieser Zeit beantworte ich emails in unregelm\u00e4\u00dfigen Abst\u00e4nden. Praxis Ich bin ich! Monika FeldmannHeidering 1559872 Meschede Tel.: 0291 \/ 2025635mobil: 0151 \/ 25723936 email: praxis-ich-bin-ich(at)gmx.deHinweis: Bitte ersetzen Sie das (at) durch @ Steuernummer: 334 \/ 5022 \/ 1803 Ich &hellip; \u201eKontakt und Kosten\u201c weiterlesen","og_url":"http:\/\/wp.praxis-ich-bin-ich.de\/?page_id=14","og_site_name":"Praxis Ich bin ich!","article_publisher":"https:\/\/www.facebook.com\/Praxis-Ich-bin-ich-1820041108301520\/?ref=page_internal","article_modified_time":"2026-04-18T08:50:53+00:00","og_image":[{"url":"https:\/\/image.jimcdn.com\/app\/cms\/image\/transf\/dimension=535x1024:format=jpg\/path\/s25c8a2dfe2723fc5\/image\/ic8a9223a2b221269\/version\/1544097290\/image.jpg","type":"","width":"","height":""}],"twitter_card":"summary_large_image","twitter_misc":{"Gesch\u00e4tzte Lesezeit":"3\u00a0Minuten"},"schema":{"@context":"https:\/\/schema.org","@graph":[{"@type":"WebPage","@id":"http:\/\/wp.praxis-ich-bin-ich.de\/?page_id=14","url":"http:\/\/wp.praxis-ich-bin-ich.de\/?page_id=14","name":"Kontakt und Kosten - Praxis Ich bin ich!","isPartOf":{"@id":"http:\/\/wp.praxis-ich-bin-ich.de\/#website"},"primaryImageOfPage":{"@id":"http:\/\/wp.praxis-ich-bin-ich.de\/?page_id=14#primaryimage"},"image":{"@id":"http:\/\/wp.praxis-ich-bin-ich.de\/?page_id=14#primaryimage"},"thumbnailUrl":"https:\/\/image.jimcdn.com\/app\/cms\/image\/transf\/dimension=535x1024:format=jpg\/path\/s25c8a2dfe2723fc5\/image\/ic8a9223a2b221269\/version\/1544097290\/image.jpg","datePublished":"2020-03-07T11:01:36+00:00","dateModified":"2026-04-18T08:50:53+00:00","breadcrumb":{"@id":"http:\/\/wp.praxis-ich-bin-ich.de\/?page_id=14#breadcrumb"},"inLanguage":"de","potentialAction":[{"@type":"ReadAction","target":["http:\/\/wp.praxis-ich-bin-ich.de\/?page_id=14"]}]},{"@type":"ImageObject","inLanguage":"de","@id":"http:\/\/wp.praxis-ich-bin-ich.de\/?page_id=14#primaryimage","url":"https:\/\/image.jimcdn.com\/app\/cms\/image\/transf\/dimension=535x1024:format=jpg\/path\/s25c8a2dfe2723fc5\/image\/ic8a9223a2b221269\/version\/1544097290\/image.jpg","contentUrl":"https:\/\/image.jimcdn.com\/app\/cms\/image\/transf\/dimension=535x1024:format=jpg\/path\/s25c8a2dfe2723fc5\/image\/ic8a9223a2b221269\/version\/1544097290\/image.jpg"},{"@type":"BreadcrumbList","@id":"http:\/\/wp.praxis-ich-bin-ich.de\/?page_id=14#breadcrumb","itemListElement":[{"@type":"ListItem","position":1,"name":"Startseite","item":"http:\/\/wp.praxis-ich-bin-ich.de\/"},{"@type":"ListItem","position":2,"name":"Kontakt und Kosten"}]},{"@type":"WebSite","@id":"http:\/\/wp.praxis-ich-bin-ich.de\/#website","url":"http:\/\/wp.praxis-ich-bin-ich.de\/","name":"Praxis Ich bin ich!","description":"Coaching und Kurzzeittherapie","publisher":{"@id":"http:\/\/wp.praxis-ich-bin-ich.de\/#organization"},"potentialAction":[{"@type":"SearchAction","target":{"@type":"EntryPoint","urlTemplate":"http:\/\/wp.praxis-ich-bin-ich.de\/?s={search_term_string}"},"query-input":{"@type":"PropertyValueSpecification","valueRequired":true,"valueName":"search_term_string"}}],"inLanguage":"de"},{"@type":"Organization","@id":"http:\/\/wp.praxis-ich-bin-ich.de\/#organization","name":"Praxis Ich bin Ich!","url":"http:\/\/wp.praxis-ich-bin-ich.de\/","logo":{"@type":"ImageObject","inLanguage":"de","@id":"http:\/\/wp.praxis-ich-bin-ich.de\/#\/schema\/logo\/image\/","url":"http:\/\/wp.praxis-ich-bin-ich.de\/wp-content\/uploads\/2020\/03\/krone1.png","contentUrl":"http:\/\/wp.praxis-ich-bin-ich.de\/wp-content\/uploads\/2020\/03\/krone1.png","width":2000,"height":1207,"caption":"Praxis Ich bin Ich!"},"image":{"@id":"http:\/\/wp.praxis-ich-bin-ich.de\/#\/schema\/logo\/image\/"},"sameAs":["https:\/\/www.facebook.com\/Praxis-Ich-bin-ich-1820041108301520\/?ref=page_internal"]}]}},"_links":{"self":[{"href":"http:\/\/wp.praxis-ich-bin-ich.de\/index.php?rest_route=\/wp\/v2\/pages\/14","targetHints":{"allow":["GET"]}}],"collection":[{"href":"http:\/\/wp.praxis-ich-bin-ich.de\/index.php?rest_route=\/wp\/v2\/pages"}],"about":[{"href":"http:\/\/wp.praxis-ich-bin-ich.de\/index.php?rest_route=\/wp\/v2\/types\/page"}],"author":[{"embeddable":true,"href":"http:\/\/wp.praxis-ich-bin-ich.de\/index.php?rest_route=\/wp\/v2\/users\/1"}],"replies":[{"embeddable":true,"href":"http:\/\/wp.praxis-ich-bin-ich.de\/index.php?rest_route=%2Fwp%2Fv2%2Fcomments&post=14"}],"version-history":[{"count":67,"href":"http:\/\/wp.praxis-ich-bin-ich.de\/index.php?rest_route=\/wp\/v2\/pages\/14\/revisions"}],"predecessor-version":[{"id":1029,"href":"http:\/\/wp.praxis-ich-bin-ich.de\/index.php?rest_route=\/wp\/v2\/pages\/14\/revisions\/1029"}],"wp:attachment":[{"href":"http:\/\/wp.praxis-ich-bin-ich.de\/index.php?rest_route=%2Fwp%2Fv2%2Fmedia&parent=14"}],"curies":[{"name":"wp","href":"https:\/\/api.w.org\/{rel}","templated":true}]}}