{"id":52,"date":"2020-03-07T11:30:32","date_gmt":"2020-03-07T11:30:32","guid":{"rendered":"http:\/\/wp.praxis-ich-bin-ich.de\/?page_id=52"},"modified":"2023-05-20T12:20:22","modified_gmt":"2023-05-20T12:20:22","slug":"impressum","status":"publish","type":"page","link":"http:\/\/wp.praxis-ich-bin-ich.de\/?page_id=52","title":{"rendered":"Impressum"},"content":{"rendered":"\n<h1 class=\"wp-block-heading\">\n        Impressum\n    <\/h1>\n\n\n\n<h2 class=\"wp-block-heading\">    Angaben gem\u00e4\u00df \u00a7 5 TMG:     <\/h2>\n\n\n\n<p>        Monika Feldmann     <\/p>\n\n\n\n<p>        Heidering 15     <\/p>\n\n\n\n<p>        59872 Meschede     <\/p>\n\n\n\n<p>        Tel.: 0291 \/ 2025635     <\/p>\n\n\n\n<p>        mobil: 0151 \/ 25723936     <\/p>\n\n\n\n<p>        email: praxis-ich-bin-ich@gmx.de<\/p>\n\n\n\n<p>        www.praxis-ich-bin-ich.de     <\/p>\n\n\n\n<h2 class=\"wp-block-heading\">Verantwortlich f\u00fcr den Inhalt nach \u00a7 55 Abs. 2 RStV:     <\/h2>\n\n\n\n<p>         Monika Feldmann <\/p>\n\n\n\n<p>Heidering 15          <br>59872 Meschede     <\/p>\n\n\n\n<h2 class=\"wp-block-heading\">\n        Steuernummer gem\u00e4\u00df \u00a7 27 Umsatzsteuergesetz:\n    <\/h2>\n\n\n\n<h2 class=\"wp-block-heading\">\n        USt-IdNr.:\n    <\/h2>\n\n\n\n<p>\n        xxx\n    <\/p>\n\n\n\n<p>\n        <strong>Rechtsgrundlagen:<\/strong><br>\n        &#8211; Gesetz \u00fcber die berufsm\u00e4\u00dfige Aus\u00fcbung der Heilkunde ohne Bestallung (<a href=\"https:\/\/www.gesetze-im-internet.de\/heilprg\/BJNR002510939.html\" target=\"_blank\" rel=\"noreferrer noopener\">Heilpraktikergesetz<\/a>)<br>\n        &#8211; Durchf\u00fchrungsverordnung zum Heilpraktikergesetz (<a href=\"http:\/\/www.gesetze-im-internet.de\/heilprgdv_1\/BJNR002590939.html\" target=\"_blank\" rel=\"noreferrer noopener\">1. DVO<\/a>)<br>\n        &#8211; Berufsordnung f\u00fcr Heilpraktiker (<a href=\"https:\/\/www.paracelsus.de\/recht\/hp_boh.html\" target=\"_blank\" rel=\"noreferrer noopener\">BOH<\/a>)<br>\n        Umsatzsteuerbefreit bzgl. der Erbringung von psychotherapeutischen Leistungen gem\u00e4\u00df \u00a7 4 Nr. 14 UStG\n    <\/p>\n\n\n\n<p>\n        <strong>Aufsichtsbeh\u00f6rde:<\/strong> Heilpraktikererlaubnis \nerteilt durch das Gesundheitsamt Dortmund, Aufsichtsbeh\u00f6rde:HSK &#8211; \nGesundheitsamt, Steinstr. 27, 59872 Meschede<br>\n        Berufsbezeichnung: Heilpraktikerin f\u00fcr Psychotherapie\n    <\/p>\n\n\n\n<p>         <strong>Berufshaftpflichtversicherung:<\/strong> <br>         ARAG Allgemeine Versicherungs-AG<br>         <br>         ARAG-Platz 1<br>         40472 D\u00fcsseldorf<\/p>\n\n\n\n<p>         Geltungsbereich: Deutschland     <\/p>\n\n\n\n<h2 class=\"wp-block-heading\">\n        Design, Programmierung:\n    <\/h2>\n\n\n\n<p>\n        Web-Systeme Brigitte Strenger, www.brigitte-strenger.de\n    <\/p>\n\n\n\n<h2 class=\"wp-block-heading\">\n        Fotos:\n    <\/h2>\n\n\n\n<p>\n        www.pixabay.com &#8211; Pauline17\n    <\/p>\n\n\n\n<h2 class=\"wp-block-heading\">\n        Quelle:\n    <\/h2>\n\n\n\n<p>\n        Erstellt mit dem Impressum-Generator Einzelunternehmer von eRecht24 und <a href=\"http:\/\/www.impressum-recht.de\" target=\"_blank\" rel=\"noreferrer noopener\">http:\/\/www.impressum-recht.de<\/a>\n    <\/p>\n\n\n\n<h2 class=\"wp-block-heading\">\n        Haftungsausschluss:\n    <\/h2>\n\n\n\n<p>\n        <strong>Haftung f\u00fcr Inhalte<\/strong>\n    <\/p>\n\n\n\n<p>\n        Die Inhalte unserer Seiten wurden mit gr\u00f6\u00dfter Sorgfalt erstellt.\n F\u00fcr die Richtigkeit, Vollst\u00e4ndigkeit und Aktualit\u00e4t der Inhalte k\u00f6nnen \nwir jedoch keine Gew\u00e4hr \u00fcbernehmen. Als Diensteanbieter\n        sind wir gem\u00e4\u00df \u00a7 7 Abs.1 TMG f\u00fcr eigene Inhalte auf diesen \nSeiten nach den allgemeinen Gesetzen verantwortlich. Nach \u00a7\u00a7 8 bis 10 \nTMG sind wir als Diensteanbieter jedoch nicht verpflichtet,\n        \u00fcbermittelte oder gespeicherte fremde Informationen zu \n\u00fcberwachen oder nach Umst\u00e4nden zu forschen, die auf eine rechtswidrige \nT\u00e4tigkeit hinweisen. Verpflichtungen zur Entfernung oder Sperrung\n        der Nutzung von Informationen nach den allgemeinen Gesetzen \nbleiben hiervon unber\u00fchrt. Eine diesbez\u00fcgliche Haftung ist jedoch erst \nab dem Zeitpunkt der Kenntnis einer konkreten\n        Rechtsverletzung m\u00f6glich. Bei Bekanntwerden von entsprechenden \nRechtsverletzungen werden wir diese Inhalte umgehend entfernen.\n    <\/p>\n\n\n\n<h2 class=\"wp-block-heading\">\n        Haftung f\u00fcr Links\n    <\/h2>\n\n\n\n<p>\n        Unser Angebot enth\u00e4lt Links zu externen Webseiten Dritter, auf \nderen Inhalte wir keinen Einfluss haben. Deshalb k\u00f6nnen wir f\u00fcr diese \nfremden Inhalte auch keine Gew\u00e4hr \u00fcbernehmen. F\u00fcr die\n        Inhalte der verlinkten Seiten ist stets der jeweilige Anbieter \noder Betreiber der Seiten verantwortlich. Die verlinkten Seiten wurden \nzum Zeitpunkt der Verlinkung auf m\u00f6gliche Rechtsverst\u00f6\u00dfe\n        \u00fcberpr\u00fcft. Rechtswidrige Inhalte waren zum Zeitpunkt der \nVerlinkung nicht erkennbar. Eine permanente inhaltliche Kontrolle der \nverlinkten Seiten ist jedoch ohne konkrete Anhaltspunkte einer\n        Rechtsverletzung nicht zumutbar. Bei Bekanntwerden von \nRechtsverletzungen werden wir derartige Links umgehend entfernen.\n    <\/p>\n\n\n\n<h2 class=\"wp-block-heading\">\n        Urheberrecht\n    <\/h2>\n\n\n\n<p>\n        Die durch die Seitenbetreiber erstellten Inhalte und Werke auf \ndiesen Seiten unterliegen dem deutschen Urheberrecht. Die \nVervielf\u00e4ltigung, Bearbeitung, Verbreitung und jede Art der Verwertung\n        au\u00dferhalb der Grenzen des Urheberrechtes bed\u00fcrfen der \nschriftlichen Zustimmung des jeweiligen Autors bzw. Erstellers. \nDownloads und Kopien dieser Seite sind nur f\u00fcr den privaten, nicht\n        kommerziellen Gebrauch gestattet. Soweit die Inhalte auf dieser \nSeite nicht vom Betreiber erstellt wurden, werden die Urheberrechte \nDritter beachtet. Insbesondere werden Inhalte Dritter als\n        solche gekennzeichnet. Sollten Sie trotzdem auf eine \nUrheberrechtsverletzung aufmerksam werden, bitten wir um einen \nentsprechenden Hinweis. Bei Bekanntwerden von Rechtsverletzungen werden \nwir\n        derartige Inhalte umgehend entfernen.\n    <\/p>\n\n\n\n<p>\n        <strong>Besondere Nutzungsbedingungen<\/strong><br>\n        Soweit besondere Bedingungen f\u00fcr einzelne Nutzungen dieser \nWebsite von den vorgenannten Paragraphen abweichen, wird an \nentsprechender Stelle<br>\n        ausdr\u00fccklich darauf hingewiesen. In diesem Falle gelten im jeweiligen<br>\n        Einzelfall die besonderen Nutzungsbedingungen\n    <\/p>\n\n\n\n<p>         \u00a9 2020    <\/p>\n","protected":false},"excerpt":{"rendered":"<p>Impressum Angaben gem\u00e4\u00df \u00a7 5 TMG: Monika Feldmann Heidering 15 59872 Meschede Tel.: 0291 \/ 2025635 mobil: 0151 \/ 25723936 email: praxis-ich-bin-ich@gmx.de www.praxis-ich-bin-ich.de Verantwortlich f\u00fcr den Inhalt nach \u00a7 55 Abs. 2 RStV: Monika Feldmann Heidering 15 59872 Meschede Steuernummer gem\u00e4\u00df \u00a7 27 Umsatzsteuergesetz: USt-IdNr.: xxx Rechtsgrundlagen: &#8211; Gesetz \u00fcber die berufsm\u00e4\u00dfige Aus\u00fcbung der Heilkunde &hellip; <\/p>\n<p class=\"link-more\"><a href=\"http:\/\/wp.praxis-ich-bin-ich.de\/?page_id=52\" class=\"more-link\"><span class=\"screen-reader-text\">\u201eImpressum\u201c <\/span>weiterlesen<\/a><\/p>\n","protected":false},"author":1,"featured_media":0,"parent":0,"menu_order":0,"comment_status":"closed","ping_status":"closed","template":"","meta":{"footnotes":""},"class_list":["post-52","page","type-page","status-publish","hentry"],"yoast_head":"<!-- This site is optimized with the Yoast SEO plugin v27.5 - https:\/\/yoast.com\/product\/yoast-seo-wordpress\/ -->\n<title>Impressum - Praxis Ich bin ich!<\/title>\n<meta name=\"robots\" content=\"index, follow, max-snippet:-1, max-image-preview:large, max-video-preview:-1\" \/>\n<link rel=\"canonical\" href=\"http:\/\/wp.praxis-ich-bin-ich.de\/?page_id=52\" \/>\n<meta property=\"og:locale\" content=\"de_DE\" \/>\n<meta property=\"og:type\" content=\"article\" \/>\n<meta property=\"og:title\" content=\"Impressum - Praxis Ich bin ich!\" \/>\n<meta property=\"og:description\" content=\"Impressum Angaben gem\u00e4\u00df \u00a7 5 TMG: Monika Feldmann Heidering 15 59872 Meschede Tel.: 0291 \/ 2025635 mobil: 0151 \/ 25723936 email: praxis-ich-bin-ich@gmx.de www.praxis-ich-bin-ich.de Verantwortlich f\u00fcr den Inhalt nach \u00a7 55 Abs. 2 RStV: Monika Feldmann Heidering 15 59872 Meschede Steuernummer gem\u00e4\u00df \u00a7 27 Umsatzsteuergesetz: USt-IdNr.: xxx Rechtsgrundlagen: &#8211; Gesetz \u00fcber die berufsm\u00e4\u00dfige Aus\u00fcbung der Heilkunde &hellip; \u201eImpressum\u201c weiterlesen\" \/>\n<meta property=\"og:url\" content=\"http:\/\/wp.praxis-ich-bin-ich.de\/?page_id=52\" \/>\n<meta property=\"og:site_name\" content=\"Praxis Ich bin ich!\" \/>\n<meta property=\"article:publisher\" content=\"https:\/\/www.facebook.com\/Praxis-Ich-bin-ich-1820041108301520\/?ref=page_internal\" \/>\n<meta property=\"article:modified_time\" content=\"2023-05-20T12:20:22+00:00\" \/>\n<meta name=\"twitter:card\" content=\"summary_large_image\" \/>\n<meta name=\"twitter:label1\" content=\"Gesch\u00e4tzte Lesezeit\" \/>\n\t<meta name=\"twitter:data1\" content=\"3\u00a0Minuten\" \/>\n<script type=\"application\/ld+json\" class=\"yoast-schema-graph\">{\"@context\":\"https:\\\/\\\/schema.org\",\"@graph\":[{\"@type\":\"WebPage\",\"@id\":\"http:\\\/\\\/wp.praxis-ich-bin-ich.de\\\/?page_id=52\",\"url\":\"http:\\\/\\\/wp.praxis-ich-bin-ich.de\\\/?page_id=52\",\"name\":\"Impressum - Praxis Ich bin ich!\",\"isPartOf\":{\"@id\":\"http:\\\/\\\/wp.praxis-ich-bin-ich.de\\\/#website\"},\"datePublished\":\"2020-03-07T11:30:32+00:00\",\"dateModified\":\"2023-05-20T12:20:22+00:00\",\"breadcrumb\":{\"@id\":\"http:\\\/\\\/wp.praxis-ich-bin-ich.de\\\/?page_id=52#breadcrumb\"},\"inLanguage\":\"de\",\"potentialAction\":[{\"@type\":\"ReadAction\",\"target\":[\"http:\\\/\\\/wp.praxis-ich-bin-ich.de\\\/?page_id=52\"]}]},{\"@type\":\"BreadcrumbList\",\"@id\":\"http:\\\/\\\/wp.praxis-ich-bin-ich.de\\\/?page_id=52#breadcrumb\",\"itemListElement\":[{\"@type\":\"ListItem\",\"position\":1,\"name\":\"Startseite\",\"item\":\"http:\\\/\\\/wp.praxis-ich-bin-ich.de\\\/\"},{\"@type\":\"ListItem\",\"position\":2,\"name\":\"Impressum\"}]},{\"@type\":\"WebSite\",\"@id\":\"http:\\\/\\\/wp.praxis-ich-bin-ich.de\\\/#website\",\"url\":\"http:\\\/\\\/wp.praxis-ich-bin-ich.de\\\/\",\"name\":\"Praxis Ich bin ich!\",\"description\":\"Coaching und Kurzzeittherapie\",\"publisher\":{\"@id\":\"http:\\\/\\\/wp.praxis-ich-bin-ich.de\\\/#organization\"},\"potentialAction\":[{\"@type\":\"SearchAction\",\"target\":{\"@type\":\"EntryPoint\",\"urlTemplate\":\"http:\\\/\\\/wp.praxis-ich-bin-ich.de\\\/?s={search_term_string}\"},\"query-input\":{\"@type\":\"PropertyValueSpecification\",\"valueRequired\":true,\"valueName\":\"search_term_string\"}}],\"inLanguage\":\"de\"},{\"@type\":\"Organization\",\"@id\":\"http:\\\/\\\/wp.praxis-ich-bin-ich.de\\\/#organization\",\"name\":\"Praxis Ich bin Ich!\",\"url\":\"http:\\\/\\\/wp.praxis-ich-bin-ich.de\\\/\",\"logo\":{\"@type\":\"ImageObject\",\"inLanguage\":\"de\",\"@id\":\"http:\\\/\\\/wp.praxis-ich-bin-ich.de\\\/#\\\/schema\\\/logo\\\/image\\\/\",\"url\":\"http:\\\/\\\/wp.praxis-ich-bin-ich.de\\\/wp-content\\\/uploads\\\/2020\\\/03\\\/krone1.png\",\"contentUrl\":\"http:\\\/\\\/wp.praxis-ich-bin-ich.de\\\/wp-content\\\/uploads\\\/2020\\\/03\\\/krone1.png\",\"width\":2000,\"height\":1207,\"caption\":\"Praxis Ich bin Ich!\"},\"image\":{\"@id\":\"http:\\\/\\\/wp.praxis-ich-bin-ich.de\\\/#\\\/schema\\\/logo\\\/image\\\/\"},\"sameAs\":[\"https:\\\/\\\/www.facebook.com\\\/Praxis-Ich-bin-ich-1820041108301520\\\/?ref=page_internal\"]}]}<\/script>\n<!-- \/ Yoast SEO plugin. -->","yoast_head_json":{"title":"Impressum - Praxis Ich bin ich!","robots":{"index":"index","follow":"follow","max-snippet":"max-snippet:-1","max-image-preview":"max-image-preview:large","max-video-preview":"max-video-preview:-1"},"canonical":"http:\/\/wp.praxis-ich-bin-ich.de\/?page_id=52","og_locale":"de_DE","og_type":"article","og_title":"Impressum - Praxis Ich bin ich!","og_description":"Impressum Angaben gem\u00e4\u00df \u00a7 5 TMG: Monika Feldmann Heidering 15 59872 Meschede Tel.: 0291 \/ 2025635 mobil: 0151 \/ 25723936 email: praxis-ich-bin-ich@gmx.de www.praxis-ich-bin-ich.de Verantwortlich f\u00fcr den Inhalt nach \u00a7 55 Abs. 2 RStV: Monika Feldmann Heidering 15 59872 Meschede Steuernummer gem\u00e4\u00df \u00a7 27 Umsatzsteuergesetz: USt-IdNr.: xxx Rechtsgrundlagen: &#8211; Gesetz \u00fcber die berufsm\u00e4\u00dfige Aus\u00fcbung der Heilkunde &hellip; \u201eImpressum\u201c weiterlesen","og_url":"http:\/\/wp.praxis-ich-bin-ich.de\/?page_id=52","og_site_name":"Praxis Ich bin ich!","article_publisher":"https:\/\/www.facebook.com\/Praxis-Ich-bin-ich-1820041108301520\/?ref=page_internal","article_modified_time":"2023-05-20T12:20:22+00:00","twitter_card":"summary_large_image","twitter_misc":{"Gesch\u00e4tzte Lesezeit":"3\u00a0Minuten"},"schema":{"@context":"https:\/\/schema.org","@graph":[{"@type":"WebPage","@id":"http:\/\/wp.praxis-ich-bin-ich.de\/?page_id=52","url":"http:\/\/wp.praxis-ich-bin-ich.de\/?page_id=52","name":"Impressum - Praxis Ich bin ich!","isPartOf":{"@id":"http:\/\/wp.praxis-ich-bin-ich.de\/#website"},"datePublished":"2020-03-07T11:30:32+00:00","dateModified":"2023-05-20T12:20:22+00:00","breadcrumb":{"@id":"http:\/\/wp.praxis-ich-bin-ich.de\/?page_id=52#breadcrumb"},"inLanguage":"de","potentialAction":[{"@type":"ReadAction","target":["http:\/\/wp.praxis-ich-bin-ich.de\/?page_id=52"]}]},{"@type":"BreadcrumbList","@id":"http:\/\/wp.praxis-ich-bin-ich.de\/?page_id=52#breadcrumb","itemListElement":[{"@type":"ListItem","position":1,"name":"Startseite","item":"http:\/\/wp.praxis-ich-bin-ich.de\/"},{"@type":"ListItem","position":2,"name":"Impressum"}]},{"@type":"WebSite","@id":"http:\/\/wp.praxis-ich-bin-ich.de\/#website","url":"http:\/\/wp.praxis-ich-bin-ich.de\/","name":"Praxis Ich bin ich!","description":"Coaching und Kurzzeittherapie","publisher":{"@id":"http:\/\/wp.praxis-ich-bin-ich.de\/#organization"},"potentialAction":[{"@type":"SearchAction","target":{"@type":"EntryPoint","urlTemplate":"http:\/\/wp.praxis-ich-bin-ich.de\/?s={search_term_string}"},"query-input":{"@type":"PropertyValueSpecification","valueRequired":true,"valueName":"search_term_string"}}],"inLanguage":"de"},{"@type":"Organization","@id":"http:\/\/wp.praxis-ich-bin-ich.de\/#organization","name":"Praxis Ich bin Ich!","url":"http:\/\/wp.praxis-ich-bin-ich.de\/","logo":{"@type":"ImageObject","inLanguage":"de","@id":"http:\/\/wp.praxis-ich-bin-ich.de\/#\/schema\/logo\/image\/","url":"http:\/\/wp.praxis-ich-bin-ich.de\/wp-content\/uploads\/2020\/03\/krone1.png","contentUrl":"http:\/\/wp.praxis-ich-bin-ich.de\/wp-content\/uploads\/2020\/03\/krone1.png","width":2000,"height":1207,"caption":"Praxis Ich bin Ich!"},"image":{"@id":"http:\/\/wp.praxis-ich-bin-ich.de\/#\/schema\/logo\/image\/"},"sameAs":["https:\/\/www.facebook.com\/Praxis-Ich-bin-ich-1820041108301520\/?ref=page_internal"]}]}},"_links":{"self":[{"href":"http:\/\/wp.praxis-ich-bin-ich.de\/index.php?rest_route=\/wp\/v2\/pages\/52","targetHints":{"allow":["GET"]}}],"collection":[{"href":"http:\/\/wp.praxis-ich-bin-ich.de\/index.php?rest_route=\/wp\/v2\/pages"}],"about":[{"href":"http:\/\/wp.praxis-ich-bin-ich.de\/index.php?rest_route=\/wp\/v2\/types\/page"}],"author":[{"embeddable":true,"href":"http:\/\/wp.praxis-ich-bin-ich.de\/index.php?rest_route=\/wp\/v2\/users\/1"}],"replies":[{"embeddable":true,"href":"http:\/\/wp.praxis-ich-bin-ich.de\/index.php?rest_route=%2Fwp%2Fv2%2Fcomments&post=52"}],"version-history":[{"count":9,"href":"http:\/\/wp.praxis-ich-bin-ich.de\/index.php?rest_route=\/wp\/v2\/pages\/52\/revisions"}],"predecessor-version":[{"id":771,"href":"http:\/\/wp.praxis-ich-bin-ich.de\/index.php?rest_route=\/wp\/v2\/pages\/52\/revisions\/771"}],"wp:attachment":[{"href":"http:\/\/wp.praxis-ich-bin-ich.de\/index.php?rest_route=%2Fwp%2Fv2%2Fmedia&parent=52"}],"curies":[{"name":"wp","href":"https:\/\/api.w.org\/{rel}","templated":true}]}}