{"id":702,"date":"2023-05-20T07:53:29","date_gmt":"2023-05-20T07:53:29","guid":{"rendered":"http:\/\/wp.praxis-ich-bin-ich.de\/?page_id=702"},"modified":"2024-09-24T17:10:59","modified_gmt":"2024-09-24T17:10:59","slug":"hilfe-zur-selbsthilfe","status":"publish","type":"page","link":"http:\/\/wp.praxis-ich-bin-ich.de\/?page_id=702","title":{"rendered":"Hilfe zur Selbsthilfe"},"content":{"rendered":"\n<p>Hier finden Sie kurze, einfache Anregungen und Methoden, wie Sie sich selbst stabillisieren und in eine angenehmere Stimmung bringen k\u00f6nnen. <\/p>\n\n\n\n<p>Auf meinem youtube-Kanal finden Sie hilfreiche Anregungen zum Verringern von Gedanken- und Gef\u00fchlskarussellen, \u00fcber M\u00f6glichkeiten, sich von belastenden Situationen oder Personen gedanklich zu distanzieren oder sich aus einer Hoch-Stress-Situation heraus zu holen. <br>Bitte klicken Sie auf:      <strong> <a href=\"https:\/\/www.youtube.com\/channel\/UCEDxQZ-HEt28tywJSBTc13g\" target=\"_blank\" rel=\"noreferrer noopener\"> youtube-Kanal: Praxis Ich bin  ich<\/a>!<\/strong><\/p>\n\n\n\n<p>Ich habe eine meditative Anleitung zur K\u00f6rperwahrnehmung, einen Body-Scan, aufgenommen. Sie hilft, innere Ruhe und Frieden zu finden. Die ganze \u00dcbung dauert 30 Minuten, es ist aber auch m\u00f6glich, in der Pause bei 15 Minuten zu beenden, wenn Sie  nicht mehr Zeit zur Verf\u00fcgung haben. <br>Hier geht\u00b4s zum <strong><a href=\"http:\/\/wp.praxis-ich-bin-ich.de\/wp-content\/uploads\/2023\/11\/KoerperwahrnehmungEntschluss.mp3\" target=\"_blank\" rel=\"noreferrer noopener\">Bodyscan.<\/a> <\/strong><\/p>\n\n\n\n<p><strong>Hirnforschung &amp; Achtsamkeit | Meditation f\u00fcr Skeptiker | Meditationsforschung | Dr. Ulrich OTT<\/strong><br>Auch Skeptiker sollten sich mit diesen Themen befassen, denn die Hirnforschung weist mittlerweile nachhaltig positive Effekte von Meditation auf K\u00f6rper und mentale Gesundheit nach. Hier geht\u00b4s zum Interview mit Dr. Ulrich Ott. <br><a href=\"https:\/\/www.youtube.com\/watch?v=oaVlC3kMD3g\" target=\"_blank\" rel=\"noreferrer noopener\"><strong>Teil 1<\/strong><\/a><br><a href=\"https:\/\/www.youtube.com\/watch?v=Pw0M37N71n4&amp;list=PLD2J53LRH04ZdVxipYMk8BSqsTc_oliGD\" target=\"_blank\" rel=\"noreferrer noopener\"><strong>Teil 2<\/strong><\/a><br><\/p>\n\n\n\n<p>Ich habe eine wundersch\u00f6ne, kurze Meditation aufgenommen. Es geht darum, das , was gerade jetzt in Ihnen lebendig ist, als &#8222;G\u00e4ste&#8220; wahrzunehmen. Manche Gedanken, Gef\u00fchle und K\u00f6rperempfindungen kommen h\u00e4ufig zu Besuch und dr\u00e4ngen sich in den Vordergrund, andere kommen selten und sind sanft und leise. <br>Bitte klicken Sie auf:    <strong><a href=\"http:\/\/wp.praxis-ich-bin-ich.de\/wp-content\/uploads\/2023\/01\/IFSWillkommenGaestehaus1.mp3\" target=\"_blank\" rel=\"noreferrer noopener\">Meditation<\/a><\/strong><\/p>\n\n\n\n<p>Nun wissen Sie schon, welche Gef\u00fchle und K\u00f6rperempfindungen Ihre G\u00e4ste sind. Diese zweite Meditation hei\u00dft Ihre Besch\u00fctzer-Anteile willkommen. Besch\u00fctzer-Anteile wollen Sie vor Schmerzen oder Verletzungen sch\u00fctzen. Sie haben immer eine gute Absicht. Manchmal bringen sie uns in Schwierigkeiten, wenn wir uns unangemessen verhalten. Die Meditation \u00f6ffnet das Verst\u00e4ndnis f\u00fcr die guten Absichten. <strong><a href=\"http:\/\/wp.praxis-ich-bin-ich.de\/wp-content\/uploads\/2023\/02\/IFS-MediBeschuetzer.mp3\" target=\"_blank\" rel=\"noreferrer noopener\">Meditation<\/a><\/strong><br><\/p>\n\n\n\n<p>In dieser dritten Meditation geht es darum, dass Sie innere Anteile tr\u00f6sten und \u201enach-beeltern\u201c k\u00f6nnen, die Schmerzen und Verletzungen tragen. In der Meditation werden sie &#8222;innere Kinder&#8220; genannt. <br>Bitte klicken Sie auf: <strong><a href=\"http:\/\/wp.praxis-ich-bin-ich.de\/wp-content\/uploads\/2023\/02\/IFS-MediInneresKind.mp3\" target=\"_blank\" rel=\"noreferrer noopener\">Meditation<\/a><\/strong><\/p>\n\n\n\n<p>Bei Yoga Vidya finden Sie<strong> <a href=\"https:\/\/www.yoga-vidya.de\/online-yoga-kurse\/kurse\/\" target=\"_blank\" rel=\"noreferrer noopener\">kostenlose online-Kurse<\/a><\/strong> zu den Themen Yoga, Meditation, Atmung und Tiefenentspannung. <\/p>\n","protected":false},"excerpt":{"rendered":"<p>Hier finden Sie kurze, einfache Anregungen und Methoden, wie Sie sich selbst stabillisieren und in eine angenehmere Stimmung bringen k\u00f6nnen. Auf meinem youtube-Kanal finden Sie hilfreiche Anregungen zum Verringern von Gedanken- und Gef\u00fchlskarussellen, \u00fcber M\u00f6glichkeiten, sich von belastenden Situationen oder Personen gedanklich zu distanzieren oder sich aus einer Hoch-Stress-Situation heraus zu holen. Bitte klicken Sie &hellip; <\/p>\n<p class=\"link-more\"><a href=\"http:\/\/wp.praxis-ich-bin-ich.de\/?page_id=702\" class=\"more-link\"><span class=\"screen-reader-text\">\u201eHilfe zur Selbsthilfe\u201c <\/span>weiterlesen<\/a><\/p>\n","protected":false},"author":1,"featured_media":0,"parent":0,"menu_order":0,"comment_status":"closed","ping_status":"closed","template":"","meta":{"footnotes":""},"class_list":["post-702","page","type-page","status-publish","hentry"],"yoast_head":"<!-- This site is optimized with the Yoast SEO plugin v27.5 - https:\/\/yoast.com\/product\/yoast-seo-wordpress\/ -->\n<title>Hilfe zur Selbsthilfe - Praxis Ich bin ich!<\/title>\n<meta name=\"robots\" content=\"index, follow, max-snippet:-1, max-image-preview:large, max-video-preview:-1\" \/>\n<link rel=\"canonical\" href=\"http:\/\/wp.praxis-ich-bin-ich.de\/?page_id=702\" \/>\n<meta property=\"og:locale\" content=\"de_DE\" \/>\n<meta property=\"og:type\" content=\"article\" \/>\n<meta property=\"og:title\" content=\"Hilfe zur Selbsthilfe - Praxis Ich bin ich!\" \/>\n<meta property=\"og:description\" content=\"Hier finden Sie kurze, einfache Anregungen und Methoden, wie Sie sich selbst stabillisieren und in eine angenehmere Stimmung bringen k\u00f6nnen. Auf meinem youtube-Kanal finden Sie hilfreiche Anregungen zum Verringern von Gedanken- und Gef\u00fchlskarussellen, \u00fcber M\u00f6glichkeiten, sich von belastenden Situationen oder Personen gedanklich zu distanzieren oder sich aus einer Hoch-Stress-Situation heraus zu holen. Bitte klicken Sie &hellip; \u201eHilfe zur Selbsthilfe\u201c weiterlesen\" \/>\n<meta property=\"og:url\" content=\"http:\/\/wp.praxis-ich-bin-ich.de\/?page_id=702\" \/>\n<meta property=\"og:site_name\" content=\"Praxis Ich bin ich!\" \/>\n<meta property=\"article:publisher\" content=\"https:\/\/www.facebook.com\/Praxis-Ich-bin-ich-1820041108301520\/?ref=page_internal\" \/>\n<meta property=\"article:modified_time\" content=\"2024-09-24T17:10:59+00:00\" \/>\n<meta name=\"twitter:card\" content=\"summary_large_image\" \/>\n<meta name=\"twitter:label1\" content=\"Gesch\u00e4tzte Lesezeit\" \/>\n\t<meta name=\"twitter:data1\" content=\"2\u00a0Minuten\" \/>\n<script type=\"application\/ld+json\" class=\"yoast-schema-graph\">{\"@context\":\"https:\\\/\\\/schema.org\",\"@graph\":[{\"@type\":\"WebPage\",\"@id\":\"http:\\\/\\\/wp.praxis-ich-bin-ich.de\\\/?page_id=702\",\"url\":\"http:\\\/\\\/wp.praxis-ich-bin-ich.de\\\/?page_id=702\",\"name\":\"Hilfe zur Selbsthilfe - Praxis Ich bin ich!\",\"isPartOf\":{\"@id\":\"http:\\\/\\\/wp.praxis-ich-bin-ich.de\\\/#website\"},\"datePublished\":\"2023-05-20T07:53:29+00:00\",\"dateModified\":\"2024-09-24T17:10:59+00:00\",\"breadcrumb\":{\"@id\":\"http:\\\/\\\/wp.praxis-ich-bin-ich.de\\\/?page_id=702#breadcrumb\"},\"inLanguage\":\"de\",\"potentialAction\":[{\"@type\":\"ReadAction\",\"target\":[\"http:\\\/\\\/wp.praxis-ich-bin-ich.de\\\/?page_id=702\"]}]},{\"@type\":\"BreadcrumbList\",\"@id\":\"http:\\\/\\\/wp.praxis-ich-bin-ich.de\\\/?page_id=702#breadcrumb\",\"itemListElement\":[{\"@type\":\"ListItem\",\"position\":1,\"name\":\"Startseite\",\"item\":\"http:\\\/\\\/wp.praxis-ich-bin-ich.de\\\/\"},{\"@type\":\"ListItem\",\"position\":2,\"name\":\"Hilfe zur Selbsthilfe\"}]},{\"@type\":\"WebSite\",\"@id\":\"http:\\\/\\\/wp.praxis-ich-bin-ich.de\\\/#website\",\"url\":\"http:\\\/\\\/wp.praxis-ich-bin-ich.de\\\/\",\"name\":\"Praxis Ich bin ich!\",\"description\":\"Coaching und Kurzzeittherapie\",\"publisher\":{\"@id\":\"http:\\\/\\\/wp.praxis-ich-bin-ich.de\\\/#organization\"},\"potentialAction\":[{\"@type\":\"SearchAction\",\"target\":{\"@type\":\"EntryPoint\",\"urlTemplate\":\"http:\\\/\\\/wp.praxis-ich-bin-ich.de\\\/?s={search_term_string}\"},\"query-input\":{\"@type\":\"PropertyValueSpecification\",\"valueRequired\":true,\"valueName\":\"search_term_string\"}}],\"inLanguage\":\"de\"},{\"@type\":\"Organization\",\"@id\":\"http:\\\/\\\/wp.praxis-ich-bin-ich.de\\\/#organization\",\"name\":\"Praxis Ich bin Ich!\",\"url\":\"http:\\\/\\\/wp.praxis-ich-bin-ich.de\\\/\",\"logo\":{\"@type\":\"ImageObject\",\"inLanguage\":\"de\",\"@id\":\"http:\\\/\\\/wp.praxis-ich-bin-ich.de\\\/#\\\/schema\\\/logo\\\/image\\\/\",\"url\":\"http:\\\/\\\/wp.praxis-ich-bin-ich.de\\\/wp-content\\\/uploads\\\/2020\\\/03\\\/krone1.png\",\"contentUrl\":\"http:\\\/\\\/wp.praxis-ich-bin-ich.de\\\/wp-content\\\/uploads\\\/2020\\\/03\\\/krone1.png\",\"width\":2000,\"height\":1207,\"caption\":\"Praxis Ich bin Ich!\"},\"image\":{\"@id\":\"http:\\\/\\\/wp.praxis-ich-bin-ich.de\\\/#\\\/schema\\\/logo\\\/image\\\/\"},\"sameAs\":[\"https:\\\/\\\/www.facebook.com\\\/Praxis-Ich-bin-ich-1820041108301520\\\/?ref=page_internal\"]}]}<\/script>\n<!-- \/ Yoast SEO plugin. -->","yoast_head_json":{"title":"Hilfe zur Selbsthilfe - Praxis Ich bin ich!","robots":{"index":"index","follow":"follow","max-snippet":"max-snippet:-1","max-image-preview":"max-image-preview:large","max-video-preview":"max-video-preview:-1"},"canonical":"http:\/\/wp.praxis-ich-bin-ich.de\/?page_id=702","og_locale":"de_DE","og_type":"article","og_title":"Hilfe zur Selbsthilfe - Praxis Ich bin ich!","og_description":"Hier finden Sie kurze, einfache Anregungen und Methoden, wie Sie sich selbst stabillisieren und in eine angenehmere Stimmung bringen k\u00f6nnen. Auf meinem youtube-Kanal finden Sie hilfreiche Anregungen zum Verringern von Gedanken- und Gef\u00fchlskarussellen, \u00fcber M\u00f6glichkeiten, sich von belastenden Situationen oder Personen gedanklich zu distanzieren oder sich aus einer Hoch-Stress-Situation heraus zu holen. Bitte klicken Sie &hellip; \u201eHilfe zur Selbsthilfe\u201c weiterlesen","og_url":"http:\/\/wp.praxis-ich-bin-ich.de\/?page_id=702","og_site_name":"Praxis Ich bin ich!","article_publisher":"https:\/\/www.facebook.com\/Praxis-Ich-bin-ich-1820041108301520\/?ref=page_internal","article_modified_time":"2024-09-24T17:10:59+00:00","twitter_card":"summary_large_image","twitter_misc":{"Gesch\u00e4tzte Lesezeit":"2\u00a0Minuten"},"schema":{"@context":"https:\/\/schema.org","@graph":[{"@type":"WebPage","@id":"http:\/\/wp.praxis-ich-bin-ich.de\/?page_id=702","url":"http:\/\/wp.praxis-ich-bin-ich.de\/?page_id=702","name":"Hilfe zur Selbsthilfe - Praxis Ich bin ich!","isPartOf":{"@id":"http:\/\/wp.praxis-ich-bin-ich.de\/#website"},"datePublished":"2023-05-20T07:53:29+00:00","dateModified":"2024-09-24T17:10:59+00:00","breadcrumb":{"@id":"http:\/\/wp.praxis-ich-bin-ich.de\/?page_id=702#breadcrumb"},"inLanguage":"de","potentialAction":[{"@type":"ReadAction","target":["http:\/\/wp.praxis-ich-bin-ich.de\/?page_id=702"]}]},{"@type":"BreadcrumbList","@id":"http:\/\/wp.praxis-ich-bin-ich.de\/?page_id=702#breadcrumb","itemListElement":[{"@type":"ListItem","position":1,"name":"Startseite","item":"http:\/\/wp.praxis-ich-bin-ich.de\/"},{"@type":"ListItem","position":2,"name":"Hilfe zur Selbsthilfe"}]},{"@type":"WebSite","@id":"http:\/\/wp.praxis-ich-bin-ich.de\/#website","url":"http:\/\/wp.praxis-ich-bin-ich.de\/","name":"Praxis Ich bin ich!","description":"Coaching und Kurzzeittherapie","publisher":{"@id":"http:\/\/wp.praxis-ich-bin-ich.de\/#organization"},"potentialAction":[{"@type":"SearchAction","target":{"@type":"EntryPoint","urlTemplate":"http:\/\/wp.praxis-ich-bin-ich.de\/?s={search_term_string}"},"query-input":{"@type":"PropertyValueSpecification","valueRequired":true,"valueName":"search_term_string"}}],"inLanguage":"de"},{"@type":"Organization","@id":"http:\/\/wp.praxis-ich-bin-ich.de\/#organization","name":"Praxis Ich bin Ich!","url":"http:\/\/wp.praxis-ich-bin-ich.de\/","logo":{"@type":"ImageObject","inLanguage":"de","@id":"http:\/\/wp.praxis-ich-bin-ich.de\/#\/schema\/logo\/image\/","url":"http:\/\/wp.praxis-ich-bin-ich.de\/wp-content\/uploads\/2020\/03\/krone1.png","contentUrl":"http:\/\/wp.praxis-ich-bin-ich.de\/wp-content\/uploads\/2020\/03\/krone1.png","width":2000,"height":1207,"caption":"Praxis Ich bin Ich!"},"image":{"@id":"http:\/\/wp.praxis-ich-bin-ich.de\/#\/schema\/logo\/image\/"},"sameAs":["https:\/\/www.facebook.com\/Praxis-Ich-bin-ich-1820041108301520\/?ref=page_internal"]}]}},"_links":{"self":[{"href":"http:\/\/wp.praxis-ich-bin-ich.de\/index.php?rest_route=\/wp\/v2\/pages\/702","targetHints":{"allow":["GET"]}}],"collection":[{"href":"http:\/\/wp.praxis-ich-bin-ich.de\/index.php?rest_route=\/wp\/v2\/pages"}],"about":[{"href":"http:\/\/wp.praxis-ich-bin-ich.de\/index.php?rest_route=\/wp\/v2\/types\/page"}],"author":[{"embeddable":true,"href":"http:\/\/wp.praxis-ich-bin-ich.de\/index.php?rest_route=\/wp\/v2\/users\/1"}],"replies":[{"embeddable":true,"href":"http:\/\/wp.praxis-ich-bin-ich.de\/index.php?rest_route=%2Fwp%2Fv2%2Fcomments&post=702"}],"version-history":[{"count":42,"href":"http:\/\/wp.praxis-ich-bin-ich.de\/index.php?rest_route=\/wp\/v2\/pages\/702\/revisions"}],"predecessor-version":[{"id":901,"href":"http:\/\/wp.praxis-ich-bin-ich.de\/index.php?rest_route=\/wp\/v2\/pages\/702\/revisions\/901"}],"wp:attachment":[{"href":"http:\/\/wp.praxis-ich-bin-ich.de\/index.php?rest_route=%2Fwp%2Fv2%2Fmedia&parent=702"}],"curies":[{"name":"wp","href":"https:\/\/api.w.org\/{rel}","templated":true}]}}